{"id":4,"date":"2011-08-20T20:40:11","date_gmt":"2011-08-20T20:40:11","guid":{"rendered":"https:\/\/www.feuerwehrvereinbuelach.ch\/?page_id=4"},"modified":"2011-09-09T15:21:33","modified_gmt":"2011-09-09T13:21:33","slug":"seite-lorem","status":"publish","type":"page","link":"https:\/\/www.feuerwehrvereinbuelach.ch\/?page_id=4","title":{"rendered":"Feuerwehrverein B\u00fclach"},"content":{"rendered":"<p>Der Feuerwehrverein B\u00fclach wurde\u00a01995 gegr\u00fcndet und\u00a0z\u00e4hlt\u00a0um die\u00a060 Mitglieder. Er besteht\u00a0vorwiegend aus ehemaligen Feuerwehrleuten. Unsere Ziele sind Pflege der Kameradschaft, Restaurierung alter Ger\u00e4tschaften, Aufrechterhaltung der Kontakte zur aktiven Feuerwehr und Weiterf\u00fchren von Traditionen.<\/p>\n<p>H\u00f6hepunkte des Jahres sind die nationalen und internationalen Handdruckspritzen-Wettbewerbe. Sie haben massgeblich dazu beigetragen, dass heute wieder eine Vielzahl von restaurierten und funktionst\u00fcchtigen Spritzen bestaunt werden k\u00f6nnen. Bisher haben wir bereits 3 Handdruckspritzen fachgerecht restauriert. Der Schweizerische Handdruckspritzen-Wettbewerb wurde erstmals 1995 vom Feuerwehrverein B\u00fclach, angelehnt an die traditionellen Wettk\u00e4mpfe im benachbarten Deutschland, durchgef\u00fchrt. Zum 100-j\u00e4hrigen Jubil\u00e4um der B\u00fclacher-Handdruckspritze (Schenk Baujahr 1907, restauriert 1993-95) durfte B\u00fclach ein zweites Mal Austragungsort dieser Veranstaltung sein.<\/p>\n","protected":false},"excerpt":{"rendered":"<p>Der Feuerwehrverein B\u00fclach wurde\u00a01995 gegr\u00fcndet und\u00a0z\u00e4hlt\u00a0um die\u00a060 Mitglieder. Er besteht\u00a0vorwiegend aus ehemaligen Feuerwehrleuten. Unsere Ziele sind Pflege der Kameradschaft, Restaurierung alter Ger\u00e4tschaften, Aufrechterhaltung der Kontakte zur aktiven Feuerwehr und Weiterf\u00fchren von Traditionen. H\u00f6hepunkte des Jahres sind die nationalen und internationalen [&hellip;]<\/p>\n","protected":false},"author":56,"featured_media":0,"parent":0,"menu_order":0,"comment_status":"open","ping_status":"open","template":"","meta":{"footnotes":""},"class_list":["post-4","page","type-page","status-publish","hentry"],"_links":{"self":[{"href":"https:\/\/www.feuerwehrvereinbuelach.ch\/index.php?rest_route=\/wp\/v2\/pages\/4","targetHints":{"allow":["GET"]}}],"collection":[{"href":"https:\/\/www.feuerwehrvereinbuelach.ch\/index.php?rest_route=\/wp\/v2\/pages"}],"about":[{"href":"https:\/\/www.feuerwehrvereinbuelach.ch\/index.php?rest_route=\/wp\/v2\/types\/page"}],"author":[{"embeddable":true,"href":"https:\/\/www.feuerwehrvereinbuelach.ch\/index.php?rest_route=\/wp\/v2\/users\/56"}],"replies":[{"embeddable":true,"href":"https:\/\/www.feuerwehrvereinbuelach.ch\/index.php?rest_route=%2Fwp%2Fv2%2Fcomments&post=4"}],"version-history":[{"count":5,"href":"https:\/\/www.feuerwehrvereinbuelach.ch\/index.php?rest_route=\/wp\/v2\/pages\/4\/revisions"}],"predecessor-version":[{"id":474,"href":"https:\/\/www.feuerwehrvereinbuelach.ch\/index.php?rest_route=\/wp\/v2\/pages\/4\/revisions\/474"}],"wp:attachment":[{"href":"https:\/\/www.feuerwehrvereinbuelach.ch\/index.php?rest_route=%2Fwp%2Fv2%2Fmedia&parent=4"}],"curies":[{"name":"wp","href":"https:\/\/api.w.org\/{rel}","templated":true}]}}